{"id":17190,"date":"2022-03-05T09:08:00","date_gmt":"2022-03-05T13:08:00","guid":{"rendered":"http:\/\/cenal.gob.ve\/?page_id=17190"},"modified":"2022-05-27T20:18:27","modified_gmt":"2022-05-28T00:18:27","slug":"v-bienal-nacional-de-literatura-argimiro-gabaldon","status":"publish","type":"page","link":"https:\/\/cenal.gob.ve\/?page_id=17190","title":{"rendered":"VI Bienal Nacional de Literatura Argimiro Gabald\u00f3n"},"content":{"rendered":"\n<p><strong>BASES<\/strong> <\/p>\n\n\n\n<p>El Ministerio del Poder Popular para la Cultura, por intermedio del Centro Nacional del Libro (Cenal) y el Gabinete&nbsp;de Cultura&nbsp;de Portuguesa, conjuntamente con la Gobernaci\u00f3n Bolivariana del estado Portuguesa y la Casa Nacional de Las Letras Andr\u00e9s Bello, convocan al Concurso de la&nbsp;VI Bienal Nacional de Literatura Argimiro Gabald\u00f3n, a partir de la publicaci\u00f3n de las presentes bases.<\/p>\n\n\n\n<p>1.- La sexta edici\u00f3n de la Bienal Argimiro Gabald\u00f3n se celebrar\u00e1 en el estado Portuguesa en homenaje a uno de los extraordinarios humanistas nacido en estas tierras, el Comandante \u201cCarache\u201d Gabald\u00f3n (Biscucuy, 15 de julio de 1919-Lara, 13 de diciembre de 1964), quien sum\u00f3 a su militancia revolucionaria su pasi\u00f3n como poeta, historiador, educador y artista pl\u00e1stico.<\/p>\n\n\n\n<p>2.- Para esta edici\u00f3n se abre la convocatoria en la menci\u00f3n&nbsp;<strong>ENSAYO<\/strong>. La tem\u00e1tica es libre.<\/p>\n\n\n\n<p>3.- Podr\u00e1n participar escritores venezolanos y extranjeros con residencia en la Rep\u00fablica Bolivariana de Venezuela. No podr\u00e1n participar quienes hayan resultado ganadores o ganadoras de bienales nacionales de literatura ni quienes son parte de la organizaci\u00f3n de la Bienal.<\/p>\n\n\n\n<p>4.- Las obras participantes deber\u00e1n ser in\u00e9ditas, que no hayan sido publicadas ni premiadas en otros cert\u00e1menes.<\/p>\n\n\n\n<p>5.- Las obras participantes ser\u00e1n recibidas desde la publicaci\u00f3n de las presentes bases hasta el&nbsp;15 de junio, \u00fanicamente por el correo electr\u00f3nico:&nbsp;<a href=\"mailto:bienalargimirogabaldon2022@cenal.gob.ve\">bienalargimirogabaldon@cenal.gob.ve<\/a><\/p>\n\n\n\n<p>6.- En dos archivos adjuntos, independientes, se recibir\u00e1n: <strong>Archivo A):<\/strong> La obra con una extensi\u00f3n m\u00ednima de 60 cuartillas y m\u00e1xima de 80; espacio 1.5, en letra Times New Roman, tama\u00f1o 12 puntos, en formato PDF, firmado bajo seud\u00f3nimo o lema. <strong>Archivo B):<\/strong> El nombre de la obra, seud\u00f3nimo, y los datos del autor (nombre completo, No de c\u00e9dula de identidad, lugar de nacimiento, direcci\u00f3n de habitaci\u00f3n, No telef\u00f3nico, direcci\u00f3n electr\u00f3nica y breve biograf\u00eda literaria).<\/p>\n\n\n\n<p>7.- Se otorgar\u00e1 un premio \u00fanico que no podr\u00e1 ser compartido. No habr\u00e1 premios honor\u00edficos ni menciones especiales.<\/p>\n\n\n\n<p>8.- El autor o autora de la obra ganadora recibir\u00e1 certificado y un premio de Bol\u00edvares trece Mil (Bs. 13.000,00), otorgado por el Centro Nacional del Libro (Cenal), y la publicaci\u00f3n del libro por Monte \u00c1vila Editores (impreso y digital).<\/p>\n\n\n\n<p>9- El jurado estar\u00e1 constituido por tres (3) escritores o escritoras de reconocida trayectoria, cuyos nombres se dar\u00e1n a conocer oportunamente. El fallo ser\u00e1 inapelable.<\/p>\n\n\n\n<p>10.- El veredicto de la VI Bienal Argimiro Gabald\u00f3n ser\u00e1 publicado en la p\u00e1gina web del&nbsp;cenal&nbsp;<a href=\"http:\/\/www.cenal.gob.ve\/\" target=\"_blank\" rel=\"noreferrer noopener\">http:\/\/www.cenal.gob.ve<\/a>,<\/p>\n\n\n\n<p>11.- Lo no previsto en la presente convocatoria ser\u00e1 resuelto a criterio del jurado y el equipo organizador. La participaci\u00f3n en este concurso es libre y gratuita, y supone el conocimiento y aceptaci\u00f3n de las bases.<\/p>\n","protected":false},"excerpt":{"rendered":"<p>BASES El Ministerio del Poder Popular para la Cultura, por intermedio del Centro Nacional del Libro (Cenal) y el Gabinete&nbsp;de Cultura&nbsp;de Portuguesa, conjuntamente con la Gobernaci\u00f3n Bolivariana del estado Portuguesa [&hellip;]<\/p>\n","protected":false},"author":10,"featured_media":15912,"parent":0,"menu_order":0,"comment_status":"closed","ping_status":"closed","template":"","meta":{"spay_email":""},"yoast_head":"<!-- This site is optimized with the Yoast SEO plugin v19.8 - https:\/\/yoast.com\/wordpress\/plugins\/seo\/ -->\n<title>VI Bienal Nacional de Literatura Argimiro Gabald\u00f3n<\/title>\n<meta name=\"robots\" content=\"index, follow, max-snippet:-1, max-image-preview:large, max-video-preview:-1\" \/>\n<link rel=\"canonical\" href=\"https:\/\/cenal.gob.ve\/?page_id=17190\" \/>\n<meta property=\"og:locale\" content=\"es_ES\" \/>\n<meta property=\"og:type\" content=\"article\" \/>\n<meta property=\"og:title\" content=\"VI Bienal Nacional de Literatura Argimiro Gabald\u00f3n\" \/>\n<meta property=\"og:description\" content=\"BASES El Ministerio del Poder Popular para la Cultura, por intermedio del Centro Nacional del Libro (Cenal) y el Gabinete&nbsp;de Cultura&nbsp;de Portuguesa, conjuntamente con la Gobernaci\u00f3n Bolivariana del estado Portuguesa [&hellip;]\" \/>\n<meta property=\"og:url\" content=\"https:\/\/cenal.gob.ve\/?page_id=17190\" \/>\n<meta property=\"og:site_name\" content=\"Cenal\" \/>\n<meta property=\"article:modified_time\" content=\"2022-05-28T00:18:27+00:00\" \/>\n<meta property=\"og:image\" content=\"https:\/\/i0.wp.com\/cenal.gob.ve\/wp-content\/uploads\/2022\/04\/Bienales-Literatura-2022.png?fit=1024%2C512&ssl=1\" \/>\n\t<meta property=\"og:image:width\" content=\"1024\" \/>\n\t<meta property=\"og:image:height\" content=\"512\" \/>\n\t<meta property=\"og:image:type\" content=\"image\/png\" \/>\n<meta name=\"twitter:card\" content=\"summary_large_image\" \/>\n<meta name=\"twitter:label1\" content=\"Est. reading time\" \/>\n\t<meta name=\"twitter:data1\" content=\"2 minutos\" \/>\n<script type=\"application\/ld+json\" class=\"yoast-schema-graph\">{\"@context\":\"https:\/\/schema.org\",\"@graph\":[{\"@type\":\"WebPage\",\"@id\":\"https:\/\/cenal.gob.ve\/?page_id=17190\",\"url\":\"https:\/\/cenal.gob.ve\/?page_id=17190\",\"name\":\"VI Bienal Nacional de Literatura Argimiro Gabald\u00f3n\",\"isPartOf\":{\"@id\":\"https:\/\/cenal.gob.ve\/#website\"},\"datePublished\":\"2022-03-05T13:08:00+00:00\",\"dateModified\":\"2022-05-28T00:18:27+00:00\",\"breadcrumb\":{\"@id\":\"https:\/\/cenal.gob.ve\/?page_id=17190#breadcrumb\"},\"inLanguage\":\"es\",\"potentialAction\":[{\"@type\":\"ReadAction\",\"target\":[\"https:\/\/cenal.gob.ve\/?page_id=17190\"]}]},{\"@type\":\"BreadcrumbList\",\"@id\":\"https:\/\/cenal.gob.ve\/?page_id=17190#breadcrumb\",\"itemListElement\":[{\"@type\":\"ListItem\",\"position\":1,\"name\":\"Home\",\"item\":\"https:\/\/cenal.gob.ve\/\"},{\"@type\":\"ListItem\",\"position\":2,\"name\":\"VI Bienal Nacional de Literatura Argimiro Gabald\u00f3n\"}]},{\"@type\":\"WebSite\",\"@id\":\"https:\/\/cenal.gob.ve\/#website\",\"url\":\"https:\/\/cenal.gob.ve\/\",\"name\":\"Cenal\",\"description\":\"\",\"publisher\":{\"@id\":\"https:\/\/cenal.gob.ve\/#organization\"},\"potentialAction\":[{\"@type\":\"SearchAction\",\"target\":{\"@type\":\"EntryPoint\",\"urlTemplate\":\"https:\/\/cenal.gob.ve\/?s={search_term_string}\"},\"query-input\":\"required name=search_term_string\"}],\"inLanguage\":\"es\"},{\"@type\":\"Organization\",\"@id\":\"https:\/\/cenal.gob.ve\/#organization\",\"name\":\"CENAL\",\"url\":\"https:\/\/cenal.gob.ve\/\",\"sameAs\":[],\"logo\":{\"@type\":\"ImageObject\",\"inLanguage\":\"es\",\"@id\":\"https:\/\/cenal.gob.ve\/#\/schema\/logo\/image\/\",\"url\":\"https:\/\/i0.wp.com\/cenal.gob.ve\/wp-content\/uploads\/2022\/10\/cropped-images.jpg?fit=512%2C512\",\"contentUrl\":\"https:\/\/i0.wp.com\/cenal.gob.ve\/wp-content\/uploads\/2022\/10\/cropped-images.jpg?fit=512%2C512\",\"width\":512,\"height\":512,\"caption\":\"CENAL\"},\"image\":{\"@id\":\"https:\/\/cenal.gob.ve\/#\/schema\/logo\/image\/\"}}]}<\/script>\n<!-- \/ Yoast SEO plugin. -->","yoast_head_json":{"title":"VI Bienal Nacional de Literatura Argimiro Gabald\u00f3n","robots":{"index":"index","follow":"follow","max-snippet":"max-snippet:-1","max-image-preview":"max-image-preview:large","max-video-preview":"max-video-preview:-1"},"canonical":"https:\/\/cenal.gob.ve\/?page_id=17190","og_locale":"es_ES","og_type":"article","og_title":"VI Bienal Nacional de Literatura Argimiro Gabald\u00f3n","og_description":"BASES El Ministerio del Poder Popular para la Cultura, por intermedio del Centro Nacional del Libro (Cenal) y el Gabinete&nbsp;de Cultura&nbsp;de Portuguesa, conjuntamente con la Gobernaci\u00f3n Bolivariana del estado Portuguesa [&hellip;]","og_url":"https:\/\/cenal.gob.ve\/?page_id=17190","og_site_name":"Cenal","article_modified_time":"2022-05-28T00:18:27+00:00","og_image":[{"width":1024,"height":512,"url":"https:\/\/i0.wp.com\/cenal.gob.ve\/wp-content\/uploads\/2022\/04\/Bienales-Literatura-2022.png?fit=1024%2C512&ssl=1","type":"image\/png"}],"twitter_card":"summary_large_image","twitter_misc":{"Est. reading time":"2 minutos"},"schema":{"@context":"https:\/\/schema.org","@graph":[{"@type":"WebPage","@id":"https:\/\/cenal.gob.ve\/?page_id=17190","url":"https:\/\/cenal.gob.ve\/?page_id=17190","name":"VI Bienal Nacional de Literatura Argimiro Gabald\u00f3n","isPartOf":{"@id":"https:\/\/cenal.gob.ve\/#website"},"datePublished":"2022-03-05T13:08:00+00:00","dateModified":"2022-05-28T00:18:27+00:00","breadcrumb":{"@id":"https:\/\/cenal.gob.ve\/?page_id=17190#breadcrumb"},"inLanguage":"es","potentialAction":[{"@type":"ReadAction","target":["https:\/\/cenal.gob.ve\/?page_id=17190"]}]},{"@type":"BreadcrumbList","@id":"https:\/\/cenal.gob.ve\/?page_id=17190#breadcrumb","itemListElement":[{"@type":"ListItem","position":1,"name":"Home","item":"https:\/\/cenal.gob.ve\/"},{"@type":"ListItem","position":2,"name":"VI Bienal Nacional de Literatura Argimiro Gabald\u00f3n"}]},{"@type":"WebSite","@id":"https:\/\/cenal.gob.ve\/#website","url":"https:\/\/cenal.gob.ve\/","name":"Cenal","description":"","publisher":{"@id":"https:\/\/cenal.gob.ve\/#organization"},"potentialAction":[{"@type":"SearchAction","target":{"@type":"EntryPoint","urlTemplate":"https:\/\/cenal.gob.ve\/?s={search_term_string}"},"query-input":"required name=search_term_string"}],"inLanguage":"es"},{"@type":"Organization","@id":"https:\/\/cenal.gob.ve\/#organization","name":"CENAL","url":"https:\/\/cenal.gob.ve\/","sameAs":[],"logo":{"@type":"ImageObject","inLanguage":"es","@id":"https:\/\/cenal.gob.ve\/#\/schema\/logo\/image\/","url":"https:\/\/i0.wp.com\/cenal.gob.ve\/wp-content\/uploads\/2022\/10\/cropped-images.jpg?fit=512%2C512","contentUrl":"https:\/\/i0.wp.com\/cenal.gob.ve\/wp-content\/uploads\/2022\/10\/cropped-images.jpg?fit=512%2C512","width":512,"height":512,"caption":"CENAL"},"image":{"@id":"https:\/\/cenal.gob.ve\/#\/schema\/logo\/image\/"}}]}},"jetpack_shortlink":"https:\/\/wp.me\/P5FMhp-4tg","_links":{"self":[{"href":"https:\/\/cenal.gob.ve\/index.php?rest_route=\/wp\/v2\/pages\/17190"}],"collection":[{"href":"https:\/\/cenal.gob.ve\/index.php?rest_route=\/wp\/v2\/pages"}],"about":[{"href":"https:\/\/cenal.gob.ve\/index.php?rest_route=\/wp\/v2\/types\/page"}],"author":[{"embeddable":true,"href":"https:\/\/cenal.gob.ve\/index.php?rest_route=\/wp\/v2\/users\/10"}],"replies":[{"embeddable":true,"href":"https:\/\/cenal.gob.ve\/index.php?rest_route=%2Fwp%2Fv2%2Fcomments&post=17190"}],"version-history":[{"count":4,"href":"https:\/\/cenal.gob.ve\/index.php?rest_route=\/wp\/v2\/pages\/17190\/revisions"}],"predecessor-version":[{"id":17320,"href":"https:\/\/cenal.gob.ve\/index.php?rest_route=\/wp\/v2\/pages\/17190\/revisions\/17320"}],"wp:featuredmedia":[{"embeddable":true,"href":"https:\/\/cenal.gob.ve\/index.php?rest_route=\/wp\/v2\/media\/15912"}],"wp:attachment":[{"href":"https:\/\/cenal.gob.ve\/index.php?rest_route=%2Fwp%2Fv2%2Fmedia&parent=17190"}],"curies":[{"name":"wp","href":"https:\/\/api.w.org\/{rel}","templated":true}]}}