{"id":22006,"date":"2023-08-09T11:48:07","date_gmt":"2023-08-09T15:48:07","guid":{"rendered":"http:\/\/cenal.gob.ve\/?page_id=22006"},"modified":"2023-12-13T15:18:39","modified_gmt":"2023-12-13T19:18:39","slug":"xii-premio-nacional-del-libro","status":"publish","type":"page","link":"https:\/\/cenal.gob.ve\/?page_id=22006","title":{"rendered":"XII Premio Nacional del Libro"},"content":{"rendered":"\n<p><strong>Bases generales de esta convocatoria<\/strong><\/p>\n\n\n\n<p>1. Los participantes pueden postularse a s\u00ed mismos o ser propuestos por un tercero en cada una de las menciones y categor\u00edas. Una misma obra puede concursar en varias categor\u00edas.<\/p>\n\n\n\n<p>2. Se entender\u00e1 por postulaci\u00f3n a la manifestaci\u00f3n por escrito de cualquier ciudadano o ciudadana para que un libro, publicaci\u00f3n, instituci\u00f3n, p\u00e1gina web, blog, experiencia en promoci\u00f3n de lectura o producci\u00f3n audiovisual participe en el XII Premio Nacional del Libro.<\/p>\n\n\n\n<p>3. La planilla para la postulaci\u00f3n se podr\u00e1 llenar o <a href=\"https:\/\/drive.google.com\/file\/d\/1ZYSRYy6ArKHZdUNntBJW3YLsnkVk_d1x\/view?usp=drive_link\">descargar<\/a> directamente de la p\u00e1gina web <a href=\"http:\/\/www.cenal.gob.ve\/\">www.cenal.gob.ve<\/a> o ser retirada en la sede del Cenal donde deber\u00e1 ser consignada, con los dem\u00e1s recaudos, enviados a la siguiente direcci\u00f3n: <em>Instituto Aut\u00f3nomo Centro Nacional del Libro (CENAL), Centro Sim\u00f3n Bol\u00edvar, Torre Norte, piso 20, El Silencio, Caracas, C\u00f3digo Postal 1010.<\/em> Tambi\u00e9n podr\u00e1n ser recibida por el correo electr\u00f3nico premionacionaldellibro@cenal.gob.ve.<\/p>\n\n\n\n<p>4. El lapso previsto para la recepci\u00f3n de las postulaciones es hasta el 31 de marzo de 2024.<\/p>\n\n\n\n<p>5. El XII Premio Nacional del Libro se divide en dos menciones: <em>Menci\u00f3n libros y\/o publicaciones<\/em>; <em>Menci\u00f3n promoci\u00f3n del libro y la lectura<\/em>.<\/p>\n\n\n\n<p>6. <strong>Menci\u00f3n libros y\/o publicaciones:<\/strong><\/p>\n\n\n\n<ul><li>Los libros deben haber sido producidos e impresos en Venezuela durante los a\u00f1os 2021 y 2022, de acuerdo con la informaci\u00f3n registrada en el colof\u00f3n editorial o en la p\u00e1gina legal. No se considerar\u00e1n reimpresiones.<\/li><li>El postulante debe remitir al Cenal tres (3) ejemplares del libro o publicaci\u00f3n, junto con la planilla de inscripci\u00f3n, una rese\u00f1a de la obra no mayor de 8 l\u00edneas (en un CD en programa OpenOffice o Word), en un sobre cerrado plenamente identificado.<\/li><li>De concursar en el aspecto gr\u00e1fico, debe consignar un resumen de la obra no mayor de 8 l\u00edneas y la imagen en formato digital en alta resoluci\u00f3n (TIFF o JPG) en un CD o DVD, en un sobre cerrado plenamente identificado.<\/li><\/ul>\n\n\n\n<p><strong><em>Categor\u00edas<\/em><\/strong><strong>:<\/strong><\/p>\n\n\n\n<p><em><strong>Mejor libro<\/strong><\/em><\/p>\n\n\n\n<p>Considera al mejor libro producido en Venezuela en cualquier g\u00e9nero literario valorando, para su selecci\u00f3n, todos los factores que inciden en la labor editorial: selecci\u00f3n de la obra, presentaci\u00f3n, formato o soporte, dise\u00f1o, correcci\u00f3n e impresi\u00f3n.<\/p>\n\n\n\n<p><em><strong>Libro electr\u00f3nico o digital<\/strong><\/em><\/p>\n\n\n\n<p>Considera aquellos libros editados espec\u00edficamente para ser le\u00eddos en dispositivos electr\u00f3nicos y\/o digitales. S\u00f3lo se aceptan los formatos Epub, Mobi, FB2 y AWZ3. Los archivos en formato PDF ser\u00e1n rechazados.<\/p>\n\n\n\n<p><em><strong>Libro infantil-juvenil<\/strong><\/em><\/p>\n\n\n\n<p>Considera aquellos libros dirigidos a la poblaci\u00f3n infantil y juvenil.<\/p>\n\n\n\n<p><em><strong>Libro para personas con diversidad funcional<\/strong><\/em><\/p>\n\n\n\n<p>Considera aquellos libros realizados en formatos y soportes accesibles que fomenten el<\/p>\n\n\n\n<p>desarrollo pleno e integral de la personas con discapacidad, que garanticen plenamente su derecho a la educaci\u00f3n y la cultura, y que promuevan La eliminaci\u00f3n de todo tipo de barreras, desventajas, u obst\u00e1culos que dificulten o impidan su participaci\u00f3n, inclusi\u00f3n e integraci\u00f3n a la vida familiar y social.<\/p>\n\n\n\n<p><em><strong>Libro artesanal<\/strong><\/em><\/p>\n\n\n\n<p>Considera aquellos libros de factura artesanal, es decir, no procesados por sistemas mec\u00e1nicos y en los cuales el 70% de los elementos que los componen sean producidos manualmente.<\/p>\n\n\n\n<p><em><strong>Libro arte<\/strong><\/em><\/p>\n\n\n\n<p>Considera aquellos libros que sobresalgan por la originalidad de su concepto est\u00e9tico, y que en su conjunto sean valorados como un objeto art\u00edstico.<\/p>\n\n\n\n<p><em><strong>Formato innovador<\/strong><\/em><\/p>\n\n\n\n<p>Considera libros que por su dise\u00f1o o su funcionalidad modifican de manera significativa el formato tradicional, con el prop\u00f3sito de ofrecer al lector una nueva experiencia de lectura. Incluye las obras que utilizan un soporte distinto al papel.<\/p>\n\n\n\n<p><em><strong>Dise\u00f1o de portada<\/strong><\/em><\/p>\n\n\n\n<p>Considera el trabajo art\u00edstico presente en las portadas de los libros y su relaci\u00f3n con el contenido de la obra valorando la originalidad, innovaci\u00f3n y claridad de la conceptualizaci\u00f3n.<\/p>\n\n\n\n<p><em><strong>Ilustraci\u00f3n<\/strong><\/em><\/p>\n\n\n\n<p>Considera im\u00e1genes o ilustraciones usadas para complementar un texto escrito y que a\u00f1aden valor est\u00e9tico o din\u00e1mico al libro.<\/p>\n\n\n\n<p><em><strong>Publicaciones peri\u00f3dicas<\/strong><\/em><\/p>\n\n\n\n<p>Considera aquellas publicaciones peri\u00f3dicas que presenten calidad de contenido, as\u00ed como tambi\u00e9n, un concepto gr\u00e1fico innovador.<\/p>\n\n\n\n<p><em><strong>Afiche<\/strong><\/em><\/p>\n\n\n\n<p>Considera los afiches o carteles por su concepto gr\u00e1fico y su capacidad de comunicaci\u00f3n.<\/p>\n\n\n\n<p><em><strong>Colecci\u00f3n o serie<\/strong><\/em><\/p>\n\n\n\n<p>Considera aquellas colecciones o series creadas, desarrolladas o reconceptualizadas en los a\u00f1os 2021 y 2022.<\/p>\n\n\n\n<p><strong>Menci\u00f3n promoci\u00f3n del libro y la lectura<\/strong><strong>:<\/strong><\/p>\n\n\n\n<p>Las iniciativas de difusi\u00f3n y promoci\u00f3n del libro y la lectura deben haberse desarrollado en la Rep\u00fablica Bolivariana de Venezuela.<\/p>\n\n\n\n<p>Las postulaciones deben ser presentadas y avaladas por un tercero (persona natural o jur\u00eddica, comunidad o instituci\u00f3n).<\/p>\n\n\n\n<p>Debe consignar tres (3) sobres que contengan un texto descriptivo que exponga las actividades realizadas por el promotor, la instituci\u00f3n o producci\u00f3n audiovisual durante los a\u00f1os 2021 y 2022.<\/p>\n\n\n\n<p>El texto descriptivo debe ir acompa\u00f1ado de un registro audiovisual (fotos o v\u00eddeos de los talleres o actividades de promoci\u00f3n de lectura), una breve exposici\u00f3n del impacto social obtenido, un reporte estad\u00edstico y una muestra de materiales producto de los procesos de mediaci\u00f3n (de ser el caso), adem\u00e1s de todos los soportes que se consideren necesarios para afianzar la postulaci\u00f3n. No se considerar\u00e1n experiencias merecedoras de este premio en anteriores ediciones.<\/p>\n\n\n\n<p><strong><em>Categor\u00edas<\/em><\/strong><strong>:<\/strong><\/p>\n\n\n\n<p><em><strong>Experiencia en promoci\u00f3n del libro y la lectura<\/strong><\/em><\/p>\n\n\n\n<p>Considera la mejor experiencia individual o colectiva (Asociaci\u00f3n Civil, instituci\u00f3n, colectivo, biblioteca, librer\u00eda o agrupaci\u00f3n) en promoci\u00f3n del libro y la lectura.<\/p>\n\n\n\n<p><em>Sitio electr\u00f3nico que promocione el libro y la lectura<\/em><\/p>\n\n\n\n<p>Considera la mejor p\u00e1gina web o blog que promocione el libro y la lectura.<\/p>\n\n\n\n<p><em><strong>Producci\u00f3n en medios audiovisuales<\/strong><\/em><\/p>\n\n\n\n<p>Considera el mejor programa de radio, televisi\u00f3n, documental o micro que promocione el libro y la lectura.<\/p>\n\n\n\n<p>7. Los premios se adjudicar\u00e1n seg\u00fan el veredicto de un jurado integrado por especialistas en edici\u00f3n, artes gr\u00e1ficas, promoci\u00f3n de lectura y otras \u00e1reas afines al libro y la lectura, as\u00ed como tambi\u00e9n ganadores de las ediciones anteriores del premio.<\/p>\n\n\n\n<p>8. El material presentado no ser\u00e1 devuelto en ning\u00fan caso.<\/p>\n\n\n\n<p>9. La participaci\u00f3n en el Premio Nacional del Libro supone la aceptaci\u00f3n total de sus bases y lo no previsto en las mismas ser\u00e1 resuelto por el jurado.<\/p>\n\n\n\n<p>10. En cada caso se valorar\u00e1 la calidad de edici\u00f3n, contenido y su aporte a la literatura y cultura en general.<\/p>\n","protected":false},"excerpt":{"rendered":"<p>Bases generales de esta convocatoria 1. Los participantes pueden postularse a s\u00ed mismos o ser propuestos por un tercero en cada una de las menciones y categor\u00edas. Una misma obra [&hellip;]<\/p>\n","protected":false},"author":10,"featured_media":0,"parent":0,"menu_order":0,"comment_status":"closed","ping_status":"closed","template":"","meta":{"spay_email":""},"yoast_head":"<!-- This site is optimized with the Yoast SEO plugin v19.8 - https:\/\/yoast.com\/wordpress\/plugins\/seo\/ -->\n<title>XII Premio Nacional del Libro<\/title>\n<meta name=\"robots\" content=\"index, follow, max-snippet:-1, max-image-preview:large, max-video-preview:-1\" \/>\n<link rel=\"canonical\" href=\"https:\/\/cenal.gob.ve\/?page_id=22006\" \/>\n<meta property=\"og:locale\" content=\"es_ES\" \/>\n<meta property=\"og:type\" content=\"article\" \/>\n<meta property=\"og:title\" content=\"XII Premio Nacional del Libro\" \/>\n<meta property=\"og:description\" content=\"Bases generales de esta convocatoria 1. Los participantes pueden postularse a s\u00ed mismos o ser propuestos por un tercero en cada una de las menciones y categor\u00edas. Una misma obra [&hellip;]\" \/>\n<meta property=\"og:url\" content=\"https:\/\/cenal.gob.ve\/?page_id=22006\" \/>\n<meta property=\"og:site_name\" content=\"Cenal\" \/>\n<meta property=\"article:modified_time\" content=\"2023-12-13T19:18:39+00:00\" \/>\n<meta name=\"twitter:card\" content=\"summary_large_image\" \/>\n<meta name=\"twitter:label1\" content=\"Est. reading time\" \/>\n\t<meta name=\"twitter:data1\" content=\"5 minutos\" \/>\n<script type=\"application\/ld+json\" class=\"yoast-schema-graph\">{\"@context\":\"https:\/\/schema.org\",\"@graph\":[{\"@type\":\"WebPage\",\"@id\":\"https:\/\/cenal.gob.ve\/?page_id=22006\",\"url\":\"https:\/\/cenal.gob.ve\/?page_id=22006\",\"name\":\"XII Premio Nacional del Libro\",\"isPartOf\":{\"@id\":\"https:\/\/cenal.gob.ve\/#website\"},\"datePublished\":\"2023-08-09T15:48:07+00:00\",\"dateModified\":\"2023-12-13T19:18:39+00:00\",\"breadcrumb\":{\"@id\":\"https:\/\/cenal.gob.ve\/?page_id=22006#breadcrumb\"},\"inLanguage\":\"es\",\"potentialAction\":[{\"@type\":\"ReadAction\",\"target\":[\"https:\/\/cenal.gob.ve\/?page_id=22006\"]}]},{\"@type\":\"BreadcrumbList\",\"@id\":\"https:\/\/cenal.gob.ve\/?page_id=22006#breadcrumb\",\"itemListElement\":[{\"@type\":\"ListItem\",\"position\":1,\"name\":\"Home\",\"item\":\"https:\/\/cenal.gob.ve\/\"},{\"@type\":\"ListItem\",\"position\":2,\"name\":\"XII Premio Nacional del Libro\"}]},{\"@type\":\"WebSite\",\"@id\":\"https:\/\/cenal.gob.ve\/#website\",\"url\":\"https:\/\/cenal.gob.ve\/\",\"name\":\"Cenal\",\"description\":\"\",\"publisher\":{\"@id\":\"https:\/\/cenal.gob.ve\/#organization\"},\"potentialAction\":[{\"@type\":\"SearchAction\",\"target\":{\"@type\":\"EntryPoint\",\"urlTemplate\":\"https:\/\/cenal.gob.ve\/?s={search_term_string}\"},\"query-input\":\"required name=search_term_string\"}],\"inLanguage\":\"es\"},{\"@type\":\"Organization\",\"@id\":\"https:\/\/cenal.gob.ve\/#organization\",\"name\":\"CENAL\",\"url\":\"https:\/\/cenal.gob.ve\/\",\"sameAs\":[],\"logo\":{\"@type\":\"ImageObject\",\"inLanguage\":\"es\",\"@id\":\"https:\/\/cenal.gob.ve\/#\/schema\/logo\/image\/\",\"url\":\"https:\/\/i0.wp.com\/cenal.gob.ve\/wp-content\/uploads\/2022\/10\/cropped-images.jpg?fit=512%2C512\",\"contentUrl\":\"https:\/\/i0.wp.com\/cenal.gob.ve\/wp-content\/uploads\/2022\/10\/cropped-images.jpg?fit=512%2C512\",\"width\":512,\"height\":512,\"caption\":\"CENAL\"},\"image\":{\"@id\":\"https:\/\/cenal.gob.ve\/#\/schema\/logo\/image\/\"}}]}<\/script>\n<!-- \/ Yoast SEO plugin. -->","yoast_head_json":{"title":"XII Premio Nacional del Libro","robots":{"index":"index","follow":"follow","max-snippet":"max-snippet:-1","max-image-preview":"max-image-preview:large","max-video-preview":"max-video-preview:-1"},"canonical":"https:\/\/cenal.gob.ve\/?page_id=22006","og_locale":"es_ES","og_type":"article","og_title":"XII Premio Nacional del Libro","og_description":"Bases generales de esta convocatoria 1. Los participantes pueden postularse a s\u00ed mismos o ser propuestos por un tercero en cada una de las menciones y categor\u00edas. Una misma obra [&hellip;]","og_url":"https:\/\/cenal.gob.ve\/?page_id=22006","og_site_name":"Cenal","article_modified_time":"2023-12-13T19:18:39+00:00","twitter_card":"summary_large_image","twitter_misc":{"Est. reading time":"5 minutos"},"schema":{"@context":"https:\/\/schema.org","@graph":[{"@type":"WebPage","@id":"https:\/\/cenal.gob.ve\/?page_id=22006","url":"https:\/\/cenal.gob.ve\/?page_id=22006","name":"XII Premio Nacional del Libro","isPartOf":{"@id":"https:\/\/cenal.gob.ve\/#website"},"datePublished":"2023-08-09T15:48:07+00:00","dateModified":"2023-12-13T19:18:39+00:00","breadcrumb":{"@id":"https:\/\/cenal.gob.ve\/?page_id=22006#breadcrumb"},"inLanguage":"es","potentialAction":[{"@type":"ReadAction","target":["https:\/\/cenal.gob.ve\/?page_id=22006"]}]},{"@type":"BreadcrumbList","@id":"https:\/\/cenal.gob.ve\/?page_id=22006#breadcrumb","itemListElement":[{"@type":"ListItem","position":1,"name":"Home","item":"https:\/\/cenal.gob.ve\/"},{"@type":"ListItem","position":2,"name":"XII Premio Nacional del Libro"}]},{"@type":"WebSite","@id":"https:\/\/cenal.gob.ve\/#website","url":"https:\/\/cenal.gob.ve\/","name":"Cenal","description":"","publisher":{"@id":"https:\/\/cenal.gob.ve\/#organization"},"potentialAction":[{"@type":"SearchAction","target":{"@type":"EntryPoint","urlTemplate":"https:\/\/cenal.gob.ve\/?s={search_term_string}"},"query-input":"required name=search_term_string"}],"inLanguage":"es"},{"@type":"Organization","@id":"https:\/\/cenal.gob.ve\/#organization","name":"CENAL","url":"https:\/\/cenal.gob.ve\/","sameAs":[],"logo":{"@type":"ImageObject","inLanguage":"es","@id":"https:\/\/cenal.gob.ve\/#\/schema\/logo\/image\/","url":"https:\/\/i0.wp.com\/cenal.gob.ve\/wp-content\/uploads\/2022\/10\/cropped-images.jpg?fit=512%2C512","contentUrl":"https:\/\/i0.wp.com\/cenal.gob.ve\/wp-content\/uploads\/2022\/10\/cropped-images.jpg?fit=512%2C512","width":512,"height":512,"caption":"CENAL"},"image":{"@id":"https:\/\/cenal.gob.ve\/#\/schema\/logo\/image\/"}}]}},"jetpack_shortlink":"https:\/\/wp.me\/P5FMhp-5IW","_links":{"self":[{"href":"https:\/\/cenal.gob.ve\/index.php?rest_route=\/wp\/v2\/pages\/22006"}],"collection":[{"href":"https:\/\/cenal.gob.ve\/index.php?rest_route=\/wp\/v2\/pages"}],"about":[{"href":"https:\/\/cenal.gob.ve\/index.php?rest_route=\/wp\/v2\/types\/page"}],"author":[{"embeddable":true,"href":"https:\/\/cenal.gob.ve\/index.php?rest_route=\/wp\/v2\/users\/10"}],"replies":[{"embeddable":true,"href":"https:\/\/cenal.gob.ve\/index.php?rest_route=%2Fwp%2Fv2%2Fcomments&post=22006"}],"version-history":[{"count":4,"href":"https:\/\/cenal.gob.ve\/index.php?rest_route=\/wp\/v2\/pages\/22006\/revisions"}],"predecessor-version":[{"id":23157,"href":"https:\/\/cenal.gob.ve\/index.php?rest_route=\/wp\/v2\/pages\/22006\/revisions\/23157"}],"wp:attachment":[{"href":"https:\/\/cenal.gob.ve\/index.php?rest_route=%2Fwp%2Fv2%2Fmedia&parent=22006"}],"curies":[{"name":"wp","href":"https:\/\/api.w.org\/{rel}","templated":true}]}}