{"id":24296,"date":"2024-05-23T09:41:51","date_gmt":"2024-05-23T13:41:51","guid":{"rendered":"http:\/\/cenal.gob.ve\/?page_id=24296"},"modified":"2024-08-07T12:08:20","modified_gmt":"2024-08-07T16:08:20","slug":"i-bienal-nacional-de-literatura-cesar-rengifo","status":"publish","type":"page","link":"https:\/\/cenal.gob.ve\/?page_id=24296","title":{"rendered":"II Bienal Nacional de Literatura C\u00e9sar Rengifo"},"content":{"rendered":"\n<p><strong>Bases<\/strong><\/p>\n\n\n\n<p>El Ministerio del Poder Popular para la Cultura, a trav\u00e9s de la Compa\u00f1\u00eda Nacional de Teatro (CNT) y el Centro Nacional del Libro (Cenal) anuncian la convocatoria a la II BIENAL NACIONAL DE LITERATURA C\u00c9SAR RENGIFO \u2013 MENCI\u00d3N ENSAYO TEATRAL a partir de la publicaci\u00f3n de las siguientes bases:<br>1) Cada edici\u00f3n de la Bienal Nacional de Literatura C\u00e9sar Rengifo \u2013 Menci\u00f3n Ensayo Teatral se celebrar\u00e1 en homenaje a una destacada personalidad del teatro venezolano. Al origen de esta figura corresponder\u00e1 las alianzas con los Gabinetes Estadales de Cultura, las Gobernaciones, Alcald\u00edas y otras instituciones p\u00fablicas y privadas nacionales e internacionales. Esta figura ser\u00e1 a su vez el motivo monogr\u00e1fico en la celebraci\u00f3n del D\u00eda Nacional del Teatro de ese a\u00f1o.<br>2) La Bienal Nacional de Literatura C\u00e9sar Rengifo \u2013 Menci\u00f3n Ensayo Teatral tiene como objetivo general fomentar la construcci\u00f3n de conocimientos y saberes vinculados al teatro.<br>3) Los ensayos teatrales participantes estar\u00e1n enmarcados en alguna de las siguientes ocho (8) l\u00edneas tem\u00e1ticas:<\/p>\n\n\n\n<p><br><strong>Discursos est\u00e9ticos y aportes te\u00f3ricos.<\/strong><br>Espacio para la contribuci\u00f3n al desarrollo de las teor\u00edas teatrales.<\/p>\n\n\n\n<p>Discursos est\u00e9ticos.<\/p>\n\n\n\n<p>Teatro como un hecho literario y\/o narrativo.<\/p>\n\n\n\n<p>Posturas, tendencias y creaciones asociadas al teatro.<br>Creaci\u00f3n teatral, sus pr\u00e1cticas art\u00edsticas.<br>Espacios de investigaci\u00f3n, creaci\u00f3n y diseminaci\u00f3n de obras, producciones, espect\u00e1culos, intercambios, literatura, arquitectura ef\u00edmera y escenograf\u00eda, entre otros.<\/p>\n\n\n\n<p>\u00c1mbito para el desarrollo de la pr\u00e1ctica art\u00edstica teatral y sus resultados, productos y derivados.<\/p>\n\n\n\n<p>El cuerpo como sujeto de la acci\u00f3n teatral.<br>Construcci\u00f3n y representaci\u00f3n social y simb\u00f3lica del cuerpo a trav\u00e9s del teatro. Arte, teatro y salud.<\/p>\n\n\n\n<p>Terapias asociadas al teatro.<\/p>\n\n\n\n<p>Identidad, antropolog\u00eda, danza, filosof\u00eda, psicolog\u00eda, entre otras disciplinas.<\/p>\n\n\n\n<p>Formaci\u00f3n, aprendizajes y di\u00e1logos de saberes.<br>Procesos de formaci\u00f3n y di\u00e1logo de saberes en la pr\u00e1ctica teatral.<\/p>\n\n\n\n<p>Espacios formales y no formales de formaci\u00f3n teatral.<\/p>\n\n\n\n<p>Producci\u00f3n y diseminaci\u00f3n del conocimiento asociado al teatro.<\/p>\n\n\n\n<p>El teatro como \u00e1mbito de construcci\u00f3n\/producci\u00f3n de conocimiento.<\/p>\n\n\n\n<p>M\u00e9todos y procedimientos de investigaci\u00f3n-acci\u00f3n teatral.<\/p>\n\n\n\n<p>Formaci\u00f3n de p\u00fablico, an\u00e1lisis de audiencias.<\/p>\n\n\n\n<p>Gesti\u00f3n, consumo y econom\u00eda teatral.<br>Gesti\u00f3n, producci\u00f3n, difusi\u00f3n y diseminaci\u00f3n de la acci\u00f3n teatral.<\/p>\n\n\n\n<p>Estudio y desarrollo de pol\u00edticas culturales sostenibles.<\/p>\n\n\n\n<p>An\u00e1lisis de la dimensi\u00f3n econ\u00f3mica del teatro.<\/p>\n\n\n\n<p>Pr\u00e1cticas socio productivas como \u00e1mbitos para la investigaci\u00f3n y construcci\u00f3n de conocimiento.<\/p>\n\n\n\n<p>Estudios de consumo cultural.<\/p>\n\n\n\n<p>Diversidad y acci\u00f3n integrativa.<br>Pol\u00edticas y acciones de reconocimiento de la diversidad, inclusi\u00f3n e integraci\u00f3n.<\/p>\n\n\n\n<p>Trabajos con grupos socio-culturales constituidos por identidades, grupos \u00e9tnicos, etarios, con habilidades mixtas y diversidad funcional, entre otros.<\/p>\n\n\n\n<p>Grupos de atenci\u00f3n prioritarios: ni\u00f1os, j\u00f3venes y adolescentes; adultos mayores, mujeres.<\/p>\n\n\n\n<p>Diversidad cultural y\/o \u00e9tnica, sexual y de g\u00e9nero, entre otros.<\/p>\n\n\n\n<p>Historia del Teatro<br>Per\u00edodos, procesos, tendencias hist\u00f3ricas.<\/p>\n\n\n\n<p>Realidad y ficci\u00f3n teatral.<\/p>\n\n\n\n<p>Temporalidades teatrales.<\/p>\n\n\n\n<p>Dram\u00e1tica biogr\u00e1fica y autobiogr\u00e1fica.<\/p>\n\n\n\n<p>Teatro y sociedad.<\/p>\n\n\n\n<p>Teatro y acci\u00f3n social.<br>El teatro y el trabajo comunitario como \u00e1mbitos de investigaci\u00f3n, organizaci\u00f3n y construcci\u00f3n de ciudadan\u00eda.<\/p>\n\n\n\n<p>Intervenci\u00f3n y transformaci\u00f3n social a partir de las pr\u00e1cticas teatrales. Organizaci\u00f3n, participaci\u00f3n y ejercicio del Poder Popular.<\/p>\n\n\n\n<p>Desarrollo de pol\u00edticas de acci\u00f3n comunitaria desde las artes teatrales.<\/p>\n\n\n\n<p>Uso, recuperaci\u00f3n y revitalizaci\u00f3n de los espacios p\u00fablicos y\/o comunitarios.<\/p>\n\n\n\n<p>La ecolog\u00eda como \u00e1mbito social de desarrollo del teatro.<\/p>\n\n\n\n<p>4) La Bienal Nacional de Literatura C\u00e9sar Rengifo \u2013 Menci\u00f3n Ensayo Teatral tiene como objetivos espec\u00edficos:<br>Fomentar la investigaci\u00f3n y construcci\u00f3n de conocimientos y saberes desde las pr\u00e1cticas art\u00edsticas, la gesti\u00f3n cultural y los procesos acad\u00e9micos.<br>Reconocer tem\u00e1ticas e intereses en la pr\u00e1ctica teatral actual, sus elementos subjetivos, aspectos simb\u00f3licos e imaginarios.<br>Divulgar el pensamiento sobre el teatro venezolano.<br>5) Podr\u00e1n participar creadores, investigadores, gestores culturales individuales, de instituciones u organizaciones teatrales o disciplinas afines, docentes y estudiantes universitarios venezolanos (dentro y fuera del pa\u00eds) y extranjeros (extranjeros residenciados en el pa\u00eds) que presenten, en un solo ensayo escrito (in\u00e9dito y original) y de \u00fanica autor\u00eda, aportes anal\u00edticos sobre el teatro desde los procesos art\u00edsticos, acad\u00e9micos y de gesti\u00f3n cultural en su relaci\u00f3n multidisciplinaria, desde las ocho grandes l\u00edneas tem\u00e1ticas mencionadas.<br>6) No podr\u00e1n participar ganadores de ediciones anteriores, miembros directivos, coordinadores, personal administrativo del Cenal y la CNT ni sus familiares, as\u00ed como tampoco las personas vinculadas con el proceso de evaluaci\u00f3n.<br>7) Los ensayos participantes no pueden haber sido galardonados anteriormente, ni estar compitiendo en otros concursos, ni estar comprometidos los derechos de autor con terceros.<br>8) Los ensayos teatrales presentados deber\u00e1n estar redactados en idioma castellano, con extensi\u00f3n entre quince (15) y veinticinco (25) cuartillas, en hoja tama\u00f1o carta. En el encabezado del ensayo, colocar el t\u00edtulo firmado con seud\u00f3nimo, en formato Word, letra Arial a 12 puntos, con interlineado de 1,5. En caso de que no se pueda prescindir de im\u00e1genes, estas deben aparecer en el lugar que le corresponde en el texto y tambi\u00e9n deben ser enviadas aparte en formato JPG.<br>9) El ensayo se enviar\u00e1 \u00fanicamente a la direcci\u00f3n de correo electr\u00f3nico oficial: concursos.cnt@gmail.com<br>10) Enviar, junto con el ensayo, la siguiente documentaci\u00f3n al correo electr\u00f3nico oficial: Fotocopia de la c\u00e9dula de identidad o pasaporte, RIF actualizado, foto actualizada en formato JPG. Planilla de Inscripci\u00f3n y Planilla de Declaraci\u00f3n Jurada de Aceptaci\u00f3n de las Bases de la II Bienal Nacional de Literatura C\u00e9sar Rengifo \u2013 Menci\u00f3n Ensayo Teatral 2024. Las dos planillas deben ser llenadas en su totalidad en formatos descargables de la p\u00e1gina web CNT: www.cnt.gob.ve<br>11) La CNT enviar\u00e1 por el correo electr\u00f3nico oficial acuse de recibo confirmando la recepci\u00f3n del ensayo y documentos solicitados. De no recibir el acuse, la instituci\u00f3n no se har\u00e1 responsable de alg\u00fan reclamo.<br>12) La convocatoria del concurso es la pr\u00f3rroga del 17 de agosto al 20 de octubre de 2024.<br>13) Los ensayos enviados deber\u00e1n tener en el correo electr\u00f3nico la fecha de la convocatoria registrada como l\u00edmite.<br>14) El jurado estar\u00e1 integrado por tres (3) especialistas de las artes esc\u00e9nicas de gran prestigio, seleccionados por la Compa\u00f1\u00eda Nacional de Teatro.<br>15) Los principales criterios de evaluaci\u00f3n del jurado son: pertinencia tem\u00e1tica, redacci\u00f3n, desarrollo, producci\u00f3n de conocimiento, relaci\u00f3n con otras disciplinas y manejo del aparato cr\u00edtico.<br>16) La decisi\u00f3n del Jurado se adoptar\u00e1 por mayor\u00eda simple y ser\u00e1 inapelable. No habr\u00e1 premios honor\u00edficos ni menciones especiales. El concurso podr\u00e1 ser declarado desierto si el jurado estima que ninguno de los ensayos presentados tiene la suficiente calidad. El jurado estar\u00e1 facultado para resolver cualquier situaci\u00f3n relacionada con el concurso que no est\u00e9 especificada en estas bases.<br>17) El premio consiste en un pago \u00fanico en met\u00e1lico de 100.000 bol\u00edvares al ganador o ganadora, otorgado a trav\u00e9s del Centro Nacional del Libro, Diploma (Cenal\/CNT) y la publicaci\u00f3n del ensayo teatral por Monte \u00c1vila Editores Latinoamericana en formato impreso y digital de circulaci\u00f3n libre.<br>18) El veredicto ser\u00e1 publicado en la p\u00e1gina web del Cenal: http:\/\/www.cenal.gob.ve<br>19) Al ganador o ganadora se les notificar\u00e1 directamente a la direcci\u00f3n, tel\u00e9fono o correo electr\u00f3nico se\u00f1alados en los datos de identificaci\u00f3n.<br>20) El ensayo ganador ser\u00e1 publicado en formato impreso y digital de circulaci\u00f3n libre, cediendo a la Compa\u00f1\u00eda Nacional de Teatro (CNT) los derechos de la primera edici\u00f3n de manera gratuita, oblig\u00e1ndose a entregar y firmar la documentaci\u00f3n necesaria que en su momento se requiera para efectos de su publicaci\u00f3n.<br>21) El autor o autora del ensayo teatral ganador dar\u00e1 su consentimiento para la utilizaci\u00f3n de su nombre con fines de promoci\u00f3n y difusi\u00f3n de la bienal.<br>22) Cualquier trabajo que no cumpla con lo establecido en estas bases ser\u00e1 descalificado.<br>23) La participaci\u00f3n en esta convocatoria implica el conocimiento, entendimiento y aceptaci\u00f3n de las presentes bases.<br>24) Las consultas relativas a la bienal s\u00f3lo se recibir\u00e1n a trav\u00e9s del correo electr\u00f3nico oficial indicando como asunto: consulta BienalTeatro2024.<\/p>\n","protected":false},"excerpt":{"rendered":"<p>Bases El Ministerio del Poder Popular para la Cultura, a trav\u00e9s de la Compa\u00f1\u00eda Nacional de Teatro (CNT) y el Centro Nacional del Libro (Cenal) anuncian la convocatoria a la [&hellip;]<\/p>\n","protected":false},"author":10,"featured_media":0,"parent":0,"menu_order":0,"comment_status":"closed","ping_status":"closed","template":"","meta":{"spay_email":""},"yoast_head":"<!-- This site is optimized with the Yoast SEO plugin v19.8 - https:\/\/yoast.com\/wordpress\/plugins\/seo\/ -->\n<title>II Bienal Nacional de Literatura C\u00e9sar Rengifo<\/title>\n<meta name=\"robots\" content=\"index, follow, max-snippet:-1, max-image-preview:large, max-video-preview:-1\" \/>\n<link rel=\"canonical\" href=\"https:\/\/cenal.gob.ve\/?page_id=24296\" \/>\n<meta property=\"og:locale\" content=\"es_ES\" \/>\n<meta property=\"og:type\" content=\"article\" \/>\n<meta property=\"og:title\" content=\"II Bienal Nacional de Literatura C\u00e9sar Rengifo\" \/>\n<meta property=\"og:description\" content=\"Bases El Ministerio del Poder Popular para la Cultura, a trav\u00e9s de la Compa\u00f1\u00eda Nacional de Teatro (CNT) y el Centro Nacional del Libro (Cenal) anuncian la convocatoria a la [&hellip;]\" \/>\n<meta property=\"og:url\" content=\"https:\/\/cenal.gob.ve\/?page_id=24296\" \/>\n<meta property=\"og:site_name\" content=\"Cenal\" \/>\n<meta property=\"article:modified_time\" content=\"2024-08-07T16:08:20+00:00\" \/>\n<meta name=\"twitter:card\" content=\"summary_large_image\" \/>\n<meta name=\"twitter:label1\" content=\"Est. reading time\" \/>\n\t<meta name=\"twitter:data1\" content=\"6 minutos\" \/>\n<script type=\"application\/ld+json\" class=\"yoast-schema-graph\">{\"@context\":\"https:\/\/schema.org\",\"@graph\":[{\"@type\":\"WebPage\",\"@id\":\"https:\/\/cenal.gob.ve\/?page_id=24296\",\"url\":\"https:\/\/cenal.gob.ve\/?page_id=24296\",\"name\":\"II Bienal Nacional de Literatura C\u00e9sar Rengifo\",\"isPartOf\":{\"@id\":\"https:\/\/cenal.gob.ve\/#website\"},\"datePublished\":\"2024-05-23T13:41:51+00:00\",\"dateModified\":\"2024-08-07T16:08:20+00:00\",\"breadcrumb\":{\"@id\":\"https:\/\/cenal.gob.ve\/?page_id=24296#breadcrumb\"},\"inLanguage\":\"es\",\"potentialAction\":[{\"@type\":\"ReadAction\",\"target\":[\"https:\/\/cenal.gob.ve\/?page_id=24296\"]}]},{\"@type\":\"BreadcrumbList\",\"@id\":\"https:\/\/cenal.gob.ve\/?page_id=24296#breadcrumb\",\"itemListElement\":[{\"@type\":\"ListItem\",\"position\":1,\"name\":\"Home\",\"item\":\"https:\/\/cenal.gob.ve\/\"},{\"@type\":\"ListItem\",\"position\":2,\"name\":\"II Bienal Nacional de Literatura C\u00e9sar Rengifo\"}]},{\"@type\":\"WebSite\",\"@id\":\"https:\/\/cenal.gob.ve\/#website\",\"url\":\"https:\/\/cenal.gob.ve\/\",\"name\":\"Cenal\",\"description\":\"\",\"publisher\":{\"@id\":\"https:\/\/cenal.gob.ve\/#organization\"},\"potentialAction\":[{\"@type\":\"SearchAction\",\"target\":{\"@type\":\"EntryPoint\",\"urlTemplate\":\"https:\/\/cenal.gob.ve\/?s={search_term_string}\"},\"query-input\":\"required name=search_term_string\"}],\"inLanguage\":\"es\"},{\"@type\":\"Organization\",\"@id\":\"https:\/\/cenal.gob.ve\/#organization\",\"name\":\"CENAL\",\"url\":\"https:\/\/cenal.gob.ve\/\",\"sameAs\":[],\"logo\":{\"@type\":\"ImageObject\",\"inLanguage\":\"es\",\"@id\":\"https:\/\/cenal.gob.ve\/#\/schema\/logo\/image\/\",\"url\":\"https:\/\/i0.wp.com\/cenal.gob.ve\/wp-content\/uploads\/2022\/10\/cropped-images.jpg?fit=512%2C512\",\"contentUrl\":\"https:\/\/i0.wp.com\/cenal.gob.ve\/wp-content\/uploads\/2022\/10\/cropped-images.jpg?fit=512%2C512\",\"width\":512,\"height\":512,\"caption\":\"CENAL\"},\"image\":{\"@id\":\"https:\/\/cenal.gob.ve\/#\/schema\/logo\/image\/\"}}]}<\/script>\n<!-- \/ Yoast SEO plugin. -->","yoast_head_json":{"title":"II Bienal Nacional de Literatura C\u00e9sar Rengifo","robots":{"index":"index","follow":"follow","max-snippet":"max-snippet:-1","max-image-preview":"max-image-preview:large","max-video-preview":"max-video-preview:-1"},"canonical":"https:\/\/cenal.gob.ve\/?page_id=24296","og_locale":"es_ES","og_type":"article","og_title":"II Bienal Nacional de Literatura C\u00e9sar Rengifo","og_description":"Bases El Ministerio del Poder Popular para la Cultura, a trav\u00e9s de la Compa\u00f1\u00eda Nacional de Teatro (CNT) y el Centro Nacional del Libro (Cenal) anuncian la convocatoria a la [&hellip;]","og_url":"https:\/\/cenal.gob.ve\/?page_id=24296","og_site_name":"Cenal","article_modified_time":"2024-08-07T16:08:20+00:00","twitter_card":"summary_large_image","twitter_misc":{"Est. reading time":"6 minutos"},"schema":{"@context":"https:\/\/schema.org","@graph":[{"@type":"WebPage","@id":"https:\/\/cenal.gob.ve\/?page_id=24296","url":"https:\/\/cenal.gob.ve\/?page_id=24296","name":"II Bienal Nacional de Literatura C\u00e9sar Rengifo","isPartOf":{"@id":"https:\/\/cenal.gob.ve\/#website"},"datePublished":"2024-05-23T13:41:51+00:00","dateModified":"2024-08-07T16:08:20+00:00","breadcrumb":{"@id":"https:\/\/cenal.gob.ve\/?page_id=24296#breadcrumb"},"inLanguage":"es","potentialAction":[{"@type":"ReadAction","target":["https:\/\/cenal.gob.ve\/?page_id=24296"]}]},{"@type":"BreadcrumbList","@id":"https:\/\/cenal.gob.ve\/?page_id=24296#breadcrumb","itemListElement":[{"@type":"ListItem","position":1,"name":"Home","item":"https:\/\/cenal.gob.ve\/"},{"@type":"ListItem","position":2,"name":"II Bienal Nacional de Literatura C\u00e9sar Rengifo"}]},{"@type":"WebSite","@id":"https:\/\/cenal.gob.ve\/#website","url":"https:\/\/cenal.gob.ve\/","name":"Cenal","description":"","publisher":{"@id":"https:\/\/cenal.gob.ve\/#organization"},"potentialAction":[{"@type":"SearchAction","target":{"@type":"EntryPoint","urlTemplate":"https:\/\/cenal.gob.ve\/?s={search_term_string}"},"query-input":"required name=search_term_string"}],"inLanguage":"es"},{"@type":"Organization","@id":"https:\/\/cenal.gob.ve\/#organization","name":"CENAL","url":"https:\/\/cenal.gob.ve\/","sameAs":[],"logo":{"@type":"ImageObject","inLanguage":"es","@id":"https:\/\/cenal.gob.ve\/#\/schema\/logo\/image\/","url":"https:\/\/i0.wp.com\/cenal.gob.ve\/wp-content\/uploads\/2022\/10\/cropped-images.jpg?fit=512%2C512","contentUrl":"https:\/\/i0.wp.com\/cenal.gob.ve\/wp-content\/uploads\/2022\/10\/cropped-images.jpg?fit=512%2C512","width":512,"height":512,"caption":"CENAL"},"image":{"@id":"https:\/\/cenal.gob.ve\/#\/schema\/logo\/image\/"}}]}},"jetpack_shortlink":"https:\/\/wp.me\/P5FMhp-6jS","_links":{"self":[{"href":"https:\/\/cenal.gob.ve\/index.php?rest_route=\/wp\/v2\/pages\/24296"}],"collection":[{"href":"https:\/\/cenal.gob.ve\/index.php?rest_route=\/wp\/v2\/pages"}],"about":[{"href":"https:\/\/cenal.gob.ve\/index.php?rest_route=\/wp\/v2\/types\/page"}],"author":[{"embeddable":true,"href":"https:\/\/cenal.gob.ve\/index.php?rest_route=\/wp\/v2\/users\/10"}],"replies":[{"embeddable":true,"href":"https:\/\/cenal.gob.ve\/index.php?rest_route=%2Fwp%2Fv2%2Fcomments&post=24296"}],"version-history":[{"count":9,"href":"https:\/\/cenal.gob.ve\/index.php?rest_route=\/wp\/v2\/pages\/24296\/revisions"}],"predecessor-version":[{"id":24533,"href":"https:\/\/cenal.gob.ve\/index.php?rest_route=\/wp\/v2\/pages\/24296\/revisions\/24533"}],"wp:attachment":[{"href":"https:\/\/cenal.gob.ve\/index.php?rest_route=%2Fwp%2Fv2%2Fmedia&parent=24296"}],"curies":[{"name":"wp","href":"https:\/\/api.w.org\/{rel}","templated":true}]}}