{"id":24305,"date":"2024-05-23T16:15:50","date_gmt":"2024-05-23T20:15:50","guid":{"rendered":"http:\/\/cenal.gob.ve\/?page_id=24305"},"modified":"2024-06-03T17:42:55","modified_gmt":"2024-06-03T21:42:55","slug":"iv-bienal-nacional-de-literatura-lydda-franco-farias","status":"publish","type":"page","link":"https:\/\/cenal.gob.ve\/?page_id=24305","title":{"rendered":"IV Bienal Nacional de Literatura Lydda Franco Far\u00edas"},"content":{"rendered":"\n<p><strong>BASES<\/strong><\/p>\n\n\n\n<p>El Ministerio del Poder Popular para la Cultura, por intermedio del Centro Nacional del Libro (Cenal), conjuntamente con la Casa Nacional de las Letras Andr\u00e9s Bello, convoca a la IV Bienal Nacional de Literatura Lydda Franco Far\u00edas a partir de la publicaci\u00f3n de las presentes bases.<br><\/p>\n\n\n\n<p>1.- Para esta edici\u00f3n se abre la convocatoria en la menci\u00f3n POES\u00cdA. La tem\u00e1tica es libre.2.- Podr\u00e1n participar escritoras venezolanas y extranjeras con residencia en la Rep\u00fablica Bolivariana de Venezuela. No podr\u00e1n participar integrantes del Comit\u00e9 Organizador del evento.<br>3- No podr\u00e1n participar aquellas escritoras que hayan ganado otras bienales literarias organizadas por esta instituci\u00f3n. Las obras participantes deber\u00e1n ser in\u00e9ditas.<br>4.- Las obras participantes ser\u00e1n recibidas desde la publicaci\u00f3n de las presentes bases hasta el 31 de julio, \u00fanicamente por el correo electr\u00f3nico: bienallyddafrancofarias@cenal.gob.ve<\/p>\n\n\n\n<p>5.- En dos archivos adjuntos, independientes, se recibir\u00e1n: Archivo A): La obra con una extensi\u00f3n m\u00ednima de 30 cuartillas; espacio 1.5, en letra Times New Roman, tama\u00f1o 12 puntos, en formato PDF, firmado bajo seud\u00f3nimo o lema. Archivo B): El nombre de la obra, seud\u00f3nimo, y los datos del autor (nombre completo, n\u00famero de c\u00e9dula de identidad, lugar de nacimiento, direcci\u00f3n de habitaci\u00f3n, n\u00famero telef\u00f3nico, direcci\u00f3n electr\u00f3nica, breve biograf\u00eda literaria y una fotograf\u00eda actualizada en formato JPG).<br>6.- Se otorgar\u00e1 un premio \u00fanico. No habr\u00e1 premios honor\u00edficos ni menciones especiales.<br>7.- La autora de la obra ganadora recibir\u00e1 certificado y un premio de Bol\u00edvares Cien Mil (Bs.100.000,00), otorgado por el Centro Nacional del Libro (Cenal), y la publicaci\u00f3n del libro por Monte \u00c1vila Editores (impreso y digital).<br>8.- El jurado estar\u00e1 constituido por tres (3) escritores o escritoras de reconocida trayectoria, cuyos nombres se dar\u00e1n a conocer oportunamente. El fallo ser\u00e1 inapelable.<\/p>\n\n\n\n<p>9.- El veredicto de la IV Bienal Lydda Franco Farias ser\u00e1 publicado en la p\u00e1gina web del cenal <a href=\"http:\/\/www.cenal.gob.ve,\">http:\/\/www.cenal.gob.ve,<\/a><br>10.- Lo no previsto en la presente convocatoria ser\u00e1 resuelto a criterio del jurado y el equipo organizador. La participaci\u00f3n en este concurso es libre y gratuita, y supone el conocimiento y aceptaci\u00f3n de las bases.<\/p>\n","protected":false},"excerpt":{"rendered":"<p>BASES El Ministerio del Poder Popular para la Cultura, por intermedio del Centro Nacional del Libro (Cenal), conjuntamente con la Casa Nacional de las Letras Andr\u00e9s Bello, convoca a la [&hellip;]<\/p>\n","protected":false},"author":10,"featured_media":0,"parent":0,"menu_order":0,"comment_status":"closed","ping_status":"closed","template":"","meta":{"spay_email":""},"yoast_head":"<!-- This site is optimized with the Yoast SEO plugin v19.8 - https:\/\/yoast.com\/wordpress\/plugins\/seo\/ -->\n<title>IV Bienal Nacional de Literatura Lydda Franco Far\u00edas<\/title>\n<meta name=\"robots\" content=\"index, follow, max-snippet:-1, max-image-preview:large, max-video-preview:-1\" \/>\n<link rel=\"canonical\" href=\"https:\/\/cenal.gob.ve\/?page_id=24305\" \/>\n<meta property=\"og:locale\" content=\"es_ES\" \/>\n<meta property=\"og:type\" content=\"article\" \/>\n<meta property=\"og:title\" content=\"IV Bienal Nacional de Literatura Lydda Franco Far\u00edas\" \/>\n<meta property=\"og:description\" content=\"BASES El Ministerio del Poder Popular para la Cultura, por intermedio del Centro Nacional del Libro (Cenal), conjuntamente con la Casa Nacional de las Letras Andr\u00e9s Bello, convoca a la [&hellip;]\" \/>\n<meta property=\"og:url\" content=\"https:\/\/cenal.gob.ve\/?page_id=24305\" \/>\n<meta property=\"og:site_name\" content=\"Cenal\" \/>\n<meta property=\"article:modified_time\" content=\"2024-06-03T21:42:55+00:00\" \/>\n<meta name=\"twitter:card\" content=\"summary_large_image\" \/>\n<meta name=\"twitter:label1\" content=\"Est. reading time\" \/>\n\t<meta name=\"twitter:data1\" content=\"2 minutos\" \/>\n<script type=\"application\/ld+json\" class=\"yoast-schema-graph\">{\"@context\":\"https:\/\/schema.org\",\"@graph\":[{\"@type\":\"WebPage\",\"@id\":\"https:\/\/cenal.gob.ve\/?page_id=24305\",\"url\":\"https:\/\/cenal.gob.ve\/?page_id=24305\",\"name\":\"IV Bienal Nacional de Literatura Lydda Franco Far\u00edas\",\"isPartOf\":{\"@id\":\"https:\/\/cenal.gob.ve\/#website\"},\"datePublished\":\"2024-05-23T20:15:50+00:00\",\"dateModified\":\"2024-06-03T21:42:55+00:00\",\"breadcrumb\":{\"@id\":\"https:\/\/cenal.gob.ve\/?page_id=24305#breadcrumb\"},\"inLanguage\":\"es\",\"potentialAction\":[{\"@type\":\"ReadAction\",\"target\":[\"https:\/\/cenal.gob.ve\/?page_id=24305\"]}]},{\"@type\":\"BreadcrumbList\",\"@id\":\"https:\/\/cenal.gob.ve\/?page_id=24305#breadcrumb\",\"itemListElement\":[{\"@type\":\"ListItem\",\"position\":1,\"name\":\"Home\",\"item\":\"https:\/\/cenal.gob.ve\/\"},{\"@type\":\"ListItem\",\"position\":2,\"name\":\"IV Bienal Nacional de Literatura Lydda Franco Far\u00edas\"}]},{\"@type\":\"WebSite\",\"@id\":\"https:\/\/cenal.gob.ve\/#website\",\"url\":\"https:\/\/cenal.gob.ve\/\",\"name\":\"Cenal\",\"description\":\"\",\"publisher\":{\"@id\":\"https:\/\/cenal.gob.ve\/#organization\"},\"potentialAction\":[{\"@type\":\"SearchAction\",\"target\":{\"@type\":\"EntryPoint\",\"urlTemplate\":\"https:\/\/cenal.gob.ve\/?s={search_term_string}\"},\"query-input\":\"required name=search_term_string\"}],\"inLanguage\":\"es\"},{\"@type\":\"Organization\",\"@id\":\"https:\/\/cenal.gob.ve\/#organization\",\"name\":\"CENAL\",\"url\":\"https:\/\/cenal.gob.ve\/\",\"sameAs\":[],\"logo\":{\"@type\":\"ImageObject\",\"inLanguage\":\"es\",\"@id\":\"https:\/\/cenal.gob.ve\/#\/schema\/logo\/image\/\",\"url\":\"https:\/\/i0.wp.com\/cenal.gob.ve\/wp-content\/uploads\/2022\/10\/cropped-images.jpg?fit=512%2C512\",\"contentUrl\":\"https:\/\/i0.wp.com\/cenal.gob.ve\/wp-content\/uploads\/2022\/10\/cropped-images.jpg?fit=512%2C512\",\"width\":512,\"height\":512,\"caption\":\"CENAL\"},\"image\":{\"@id\":\"https:\/\/cenal.gob.ve\/#\/schema\/logo\/image\/\"}}]}<\/script>\n<!-- \/ Yoast SEO plugin. -->","yoast_head_json":{"title":"IV Bienal Nacional de Literatura Lydda Franco Far\u00edas","robots":{"index":"index","follow":"follow","max-snippet":"max-snippet:-1","max-image-preview":"max-image-preview:large","max-video-preview":"max-video-preview:-1"},"canonical":"https:\/\/cenal.gob.ve\/?page_id=24305","og_locale":"es_ES","og_type":"article","og_title":"IV Bienal Nacional de Literatura Lydda Franco Far\u00edas","og_description":"BASES El Ministerio del Poder Popular para la Cultura, por intermedio del Centro Nacional del Libro (Cenal), conjuntamente con la Casa Nacional de las Letras Andr\u00e9s Bello, convoca a la [&hellip;]","og_url":"https:\/\/cenal.gob.ve\/?page_id=24305","og_site_name":"Cenal","article_modified_time":"2024-06-03T21:42:55+00:00","twitter_card":"summary_large_image","twitter_misc":{"Est. reading time":"2 minutos"},"schema":{"@context":"https:\/\/schema.org","@graph":[{"@type":"WebPage","@id":"https:\/\/cenal.gob.ve\/?page_id=24305","url":"https:\/\/cenal.gob.ve\/?page_id=24305","name":"IV Bienal Nacional de Literatura Lydda Franco Far\u00edas","isPartOf":{"@id":"https:\/\/cenal.gob.ve\/#website"},"datePublished":"2024-05-23T20:15:50+00:00","dateModified":"2024-06-03T21:42:55+00:00","breadcrumb":{"@id":"https:\/\/cenal.gob.ve\/?page_id=24305#breadcrumb"},"inLanguage":"es","potentialAction":[{"@type":"ReadAction","target":["https:\/\/cenal.gob.ve\/?page_id=24305"]}]},{"@type":"BreadcrumbList","@id":"https:\/\/cenal.gob.ve\/?page_id=24305#breadcrumb","itemListElement":[{"@type":"ListItem","position":1,"name":"Home","item":"https:\/\/cenal.gob.ve\/"},{"@type":"ListItem","position":2,"name":"IV Bienal Nacional de Literatura Lydda Franco Far\u00edas"}]},{"@type":"WebSite","@id":"https:\/\/cenal.gob.ve\/#website","url":"https:\/\/cenal.gob.ve\/","name":"Cenal","description":"","publisher":{"@id":"https:\/\/cenal.gob.ve\/#organization"},"potentialAction":[{"@type":"SearchAction","target":{"@type":"EntryPoint","urlTemplate":"https:\/\/cenal.gob.ve\/?s={search_term_string}"},"query-input":"required name=search_term_string"}],"inLanguage":"es"},{"@type":"Organization","@id":"https:\/\/cenal.gob.ve\/#organization","name":"CENAL","url":"https:\/\/cenal.gob.ve\/","sameAs":[],"logo":{"@type":"ImageObject","inLanguage":"es","@id":"https:\/\/cenal.gob.ve\/#\/schema\/logo\/image\/","url":"https:\/\/i0.wp.com\/cenal.gob.ve\/wp-content\/uploads\/2022\/10\/cropped-images.jpg?fit=512%2C512","contentUrl":"https:\/\/i0.wp.com\/cenal.gob.ve\/wp-content\/uploads\/2022\/10\/cropped-images.jpg?fit=512%2C512","width":512,"height":512,"caption":"CENAL"},"image":{"@id":"https:\/\/cenal.gob.ve\/#\/schema\/logo\/image\/"}}]}},"jetpack_shortlink":"https:\/\/wp.me\/P5FMhp-6k1","_links":{"self":[{"href":"https:\/\/cenal.gob.ve\/index.php?rest_route=\/wp\/v2\/pages\/24305"}],"collection":[{"href":"https:\/\/cenal.gob.ve\/index.php?rest_route=\/wp\/v2\/pages"}],"about":[{"href":"https:\/\/cenal.gob.ve\/index.php?rest_route=\/wp\/v2\/types\/page"}],"author":[{"embeddable":true,"href":"https:\/\/cenal.gob.ve\/index.php?rest_route=\/wp\/v2\/users\/10"}],"replies":[{"embeddable":true,"href":"https:\/\/cenal.gob.ve\/index.php?rest_route=%2Fwp%2Fv2%2Fcomments&post=24305"}],"version-history":[{"count":2,"href":"https:\/\/cenal.gob.ve\/index.php?rest_route=\/wp\/v2\/pages\/24305\/revisions"}],"predecessor-version":[{"id":24393,"href":"https:\/\/cenal.gob.ve\/index.php?rest_route=\/wp\/v2\/pages\/24305\/revisions\/24393"}],"wp:attachment":[{"href":"https:\/\/cenal.gob.ve\/index.php?rest_route=%2Fwp%2Fv2%2Fmedia&parent=24305"}],"curies":[{"name":"wp","href":"https:\/\/api.w.org\/{rel}","templated":true}]}}